{"id":16550,"date":"2022-09-26T08:23:38","date_gmt":"2022-09-26T08:23:38","guid":{"rendered":"http:\/\/hojermobler.dk\/?post_type=project&#038;p=16550"},"modified":"2022-09-26T08:34:25","modified_gmt":"2022-09-26T08:34:25","slug":"krea-cart","status":"publish","type":"project","link":"https:\/\/hojermobler.dk\/en\/project\/krea-cart\/","title":{"rendered":"Krea Cart"},"content":{"rendered":"<p>[et_pb_section fb_built=&#8221;1&#8243; _builder_version=&#8221;4.17.3&#8243; _module_preset=&#8221;default&#8221; min_height=&#8221;78.1px&#8221; custom_margin=&#8221;||-70px||false|false&#8221; custom_padding=&#8221;0px||0px|||&#8221; global_colors_info=&#8221;{}&#8221;][et_pb_row _builder_version=&#8221;4.17.3&#8243; _module_preset=&#8221;default&#8221; width=&#8221;100%&#8221; max_width=&#8221;1545px&#8221; min_height=&#8221;84.1px&#8221; custom_padding=&#8221;4px||0px|||&#8221; global_colors_info=&#8221;{}&#8221;][et_pb_column type=&#8221;4_4&#8243; _builder_version=&#8221;4.17.3&#8243; _module_preset=&#8221;default&#8221; global_colors_info=&#8221;{}&#8221;][et_pb_sidebar area=&#8221;et_pb_widget_area_1&#8243; show_border=&#8221;off&#8221; _builder_version=&#8221;4.17.3&#8243; _module_preset=&#8221;default&#8221; header_font=&#8221;Roboto|100|||||||&#8221; header_font_size=&#8221;13px&#8221; body_font=&#8221;Roboto|300|||||||&#8221; body_text_align=&#8221;left&#8221; body_font_size=&#8221;13px&#8221; text_orientation=&#8221;justified&#8221; module_alignment=&#8221;left&#8221; min_height=&#8221;60.1px&#8221; custom_margin=&#8221;||-90px|||&#8221; custom_padding=&#8221;0px||0px|||&#8221; custom_css_main_element=&#8221;padding:10px 0px !important;&#8221; global_colors_info=&#8221;{}&#8221;][\/et_pb_sidebar][\/et_pb_column][\/et_pb_row][\/et_pb_section][et_pb_section fb_built=&#8221;1&#8243; admin_label=&#8221;Header&#8221; module_class=&#8221;print-only&#8221; _builder_version=&#8221;4.17.3&#8243; _module_preset=&#8221;default&#8221; background_color=&#8221;#e8e8e8&#8243; background_color_gradient_direction=&#8221;150deg&#8221; background_image=&#8221;http:\/\/hojermobler.dk\/wp-content\/uploads\/2022\/07\/furniture-25-1.png&#8221; custom_padding=&#8221;54px|0px|0|0px|false|false&#8221; global_colors_info=&#8221;{}&#8221;][et_pb_row column_structure=&#8221;1_2,1_2&#8243; _builder_version=&#8221;4.17.3&#8243; _module_preset=&#8221;default&#8221; width=&#8221;100%&#8221; max_width=&#8221;1545px&#8221; module_alignment=&#8221;center&#8221; global_colors_info=&#8221;{}&#8221;][et_pb_column type=&#8221;1_2&#8243; _builder_version=&#8221;4.16&#8243; _module_preset=&#8221;default&#8221; custom_padding=&#8221;|||&#8221; global_colors_info=&#8221;{}&#8221; custom_padding__hover=&#8221;|||&#8221;][et_pb_image src=&#8221;http:\/\/hojermobler.dk\/wp-content\/uploads\/2022\/08\/Kreavogn-produktbillede.jpg&#8221; title_text=&#8221;Kreavogn-produktbillede&#8221; admin_label=&#8221;Produktbillede&#8221; _builder_version=&#8221;4.17.3&#8243; _module_preset=&#8221;default&#8221; animation_style=&#8221;slide&#8221; global_colors_info=&#8221;{}&#8221;][\/et_pb_image][\/et_pb_column][et_pb_column type=&#8221;1_2&#8243; _builder_version=&#8221;4.16&#8243; _module_preset=&#8221;default&#8221; custom_padding=&#8221;|||&#8221; global_colors_info=&#8221;{}&#8221; custom_padding__hover=&#8221;|||&#8221;][et_pb_text admin_label=&#8221;Produkttitel&#8221; _builder_version=&#8221;4.18.0&#8243; _module_preset=&#8221;default&#8221; text_font=&#8221;||||||||&#8221; header_font=&#8221;Montserrat|300|||||||&#8221; header_text_align=&#8221;left&#8221; header_font_size=&#8221;70px&#8221; header_line_height=&#8221;1.3em&#8221; header_4_font=&#8221;Montserrat|500||on|||||&#8221; header_4_text_align=&#8221;left&#8221; header_4_text_color=&#8221;#566559&#8243; header_4_font_size=&#8221;11px&#8221; header_4_letter_spacing=&#8221;3px&#8221; text_orientation=&#8221;center&#8221; background_layout=&#8221;dark&#8221; custom_padding=&#8221;|||17px||&#8221; hover_enabled=&#8221;0&#8243; header_font_size_tablet=&#8221;50px&#8221; header_font_size_phone=&#8221;40px&#8221; header_font_size_last_edited=&#8221;on|phone&#8221; header_text_shadow_style=&#8221;preset4&#8243; header_text_shadow_horizontal_length=&#8221;0.03em&#8221; header_text_shadow_vertical_length=&#8221;0.06em&#8221; header_text_shadow_blur_strength=&#8221;0.04em&#8221; locked=&#8221;off&#8221; global_colors_info=&#8221;{}&#8221; sticky_enabled=&#8221;0&#8243;]<\/p>\n<h1>Krea cart<\/h1>\n<h2 style=\"text-align: left;\">H\u00f8jer M\u00f8bler A\/S<\/h2>\n<p>[\/et_pb_text][et_pb_text admin_label=&#8221;Produktbeskrivelse&#8221; _builder_version=&#8221;4.18.0&#8243; _module_preset=&#8221;default&#8221; text_font=&#8221;Roboto|300|||||||&#8221; text_font_size=&#8221;14px&#8221; custom_padding=&#8221;|23px||21px||&#8221; hover_enabled=&#8221;0&#8243; global_colors_info=&#8221;{}&#8221; sticky_enabled=&#8221;0&#8243;]<\/p>\n<p style=\"text-align: justify;\">The Krea cart is a storage solution, which is developed for classrooms for Arts and Crafts, Makerspaces and other creative environments. In the Krea cart you can store everything from cardboard, paper and fabric rolls to writing and painting tools, fabric samples, buttons and glue etc. All that is need for creative subjects. The Krea cart can \u2013 when it is not in use \u2013 be left in tall cabinets with glass doors to avoid the compartments to collect dust. The flexible cart has wheels and can be pulled around in the classroom or within the area of the school.<\/p>\n<p style=\"text-align: justify;\">Related products: Cabinet for Krea cart.<\/p>\n<div class=\"printfriendly pf-button  pf-alignright\" style=\"text-align: justify;\"><div class=\"printfriendly pf-button  pf-alignright\">\n                    <a href=\"https:\/\/hojermobler.dk\/en\/project\/krea-cart\/?pfstyle=wp\" rel=\"nofollow\" onclick=\"pfTrackEvent(&#039;Krea Cart&#039;); return false;\" title=\"Printer Friendly, PDF & Email\">\n                    <img decoding=\"async\" class=\"pf-button-img\" src=\"https:\/\/cdn.printfriendly.com\/buttons\/printfriendly-pdf-button-nobg.png\" alt=\"Print Friendly, PDF & Email\" style=\"width: 112px;height: 24px;\"  \/>\n                    <\/a>\n                <\/div><\/div>\n<p>[\/et_pb_text][\/et_pb_column][\/et_pb_row][\/et_pb_section][et_pb_section fb_built=&#8221;1&#8243; admin_label=&#8221;FAQ&#8221; _builder_version=&#8221;4.17.3&#8243; _module_preset=&#8221;default&#8221; locked=&#8221;off&#8221; global_colors_info=&#8221;{}&#8221;][et_pb_row column_structure=&#8221;1_2,1_2&#8243; _builder_version=&#8221;4.17.3&#8243; _module_preset=&#8221;default&#8221; width=&#8221;100%&#8221; max_width=&#8221;1545px&#8221; global_colors_info=&#8221;{}&#8221;][et_pb_column type=&#8221;1_2&#8243; _builder_version=&#8221;4.16&#8243; _module_preset=&#8221;default&#8221; custom_padding=&#8221;|||&#8221; global_colors_info=&#8221;{}&#8221; custom_padding__hover=&#8221;|||&#8221;][et_pb_gallery gallery_ids=&#8221;8789,8774,8799,8804,8769,8779,8784,8794&#8243; show_title_and_caption=&#8221;off&#8221; zoom_icon_color=&#8221;#3F4F45&#8243; hover_icon=&#8221;&#x54;||divi||400&#8243; admin_label=&#8221;Galleri&#8221; _builder_version=&#8221;4.17.3&#8243; _module_preset=&#8221;default&#8221; pagination_font=&#8221;Roboto|300|||||||&#8221; pagination_text_align=&#8221;center&#8221; pagination_font_size=&#8221;13px&#8221; global_colors_info=&#8221;{}&#8221;][\/et_pb_gallery][\/et_pb_column][et_pb_column type=&#8221;1_2&#8243; _builder_version=&#8221;4.16&#8243; _module_preset=&#8221;default&#8221; custom_padding=&#8221;|||&#8221; global_colors_info=&#8221;{}&#8221; custom_padding__hover=&#8221;|||&#8221;][et_pb_toggle title=&#8221;Measurements&#8221; open_toggle_background_color=&#8221;RGBA(255,255,255,0)&#8221; closed_toggle_background_color=&#8221;RGBA(255,255,255,0)&#8221; icon_color=&#8221;#566559&#8243; open_icon_color=&#8221;#8F8F8F&#8221; admin_label=&#8221;Fane&#8221; module_class=&#8221;print-only&#8221; _builder_version=&#8221;4.18.0&#8243; _module_preset=&#8221;default&#8221; title_font=&#8221;Roboto|600||on|||||&#8221; title_font_size=&#8221;12px&#8221; title_letter_spacing=&#8221;1px&#8221; title_line_height=&#8221;1.8em&#8221; body_font=&#8221;Roboto|300|||||||&#8221; body_font_size=&#8221;14px&#8221; body_line_height=&#8221;2em&#8221; hover_enabled=&#8221;0&#8243; border_color_all=&#8221;rgba(217,217,217,0.54)&#8221; box_shadow_style=&#8221;preset3&#8243; box_shadow_vertical=&#8221;40px&#8221; box_shadow_blur=&#8221;60px&#8221; box_shadow_spread=&#8221;-10px&#8221; box_shadow_color=&#8221;rgba(0,0,0,0)&#8221; global_colors_info=&#8221;{}&#8221; box_shadow_color__hover_enabled=&#8221;on&#8221; box_shadow_color__hover=&#8221;rgba(0,0,0,0.03)&#8221; title_font_size__hover=&#8221;22px&#8221; title_font_size__hover_enabled=&#8221;22px&#8221; title_letter_spacing__hover=&#8221;0px&#8221; title_letter_spacing__hover_enabled=&#8221;0px&#8221; title_line_height__hover=&#8221;1em&#8221; title_line_height__hover_enabled=&#8221;1em&#8221; title_text_shadow_style__hover=&#8221;none&#8221; title_text_shadow_style__hover_enabled=&#8221;none&#8221; title_text_shadow_color__hover=&#8221;rgba(0,0,0,0.4)&#8221; title_text_shadow_color__hover_enabled=&#8221;rgba(0,0,0,0.4)&#8221; sticky_enabled=&#8221;0&#8243;]<\/p>\n<h3>Measurements<\/h3>\n<p>&nbsp;<\/p>\n<p>Width: 90 cm<br \/>Depth: 60 cm<br \/>Height: 91 cm (incl. wheels)<\/p>\n<p>[\/et_pb_toggle][et_pb_toggle title=&#8221;Materials&#8221; open_toggle_background_color=&#8221;rgba(0,0,0,0)&#8221; closed_toggle_background_color=&#8221;rgba(0,0,0,0)&#8221; icon_color=&#8221;#566559&#8243; toggle_icon=&#8221;&#xe050;||divi||400&#8243; open_icon_color=&#8221;#8F8F8F&#8221; open_toggle_icon=&#8221;&#xe050;||divi||400&#8243; admin_label=&#8221;Fane&#8221; module_class=&#8221;print-only&#8221; _builder_version=&#8221;4.18.0&#8243; _module_preset=&#8221;default&#8221; title_font=&#8221;Roboto|600||on|||||&#8221; title_font_size=&#8221;12px&#8221; title_letter_spacing=&#8221;1px&#8221; title_line_height=&#8221;1.8em&#8221; body_font=&#8221;Roboto|300|||||||&#8221; body_font_size=&#8221;14px&#8221; body_line_height=&#8221;2em&#8221; hover_enabled=&#8221;0&#8243; border_color_all=&#8221;rgba(217,217,217,0.54)&#8221; box_shadow_style=&#8221;preset3&#8243; box_shadow_vertical=&#8221;40px&#8221; box_shadow_blur=&#8221;60px&#8221; box_shadow_spread=&#8221;-10px&#8221; box_shadow_color=&#8221;rgba(0,0,0,0)&#8221; global_colors_info=&#8221;{}&#8221; box_shadow_color__hover_enabled=&#8221;on&#8221; box_shadow_color__hover=&#8221;rgba(0,0,0,0.03)&#8221; title_font_size__hover=&#8221;22px&#8221; title_font_size__hover_enabled=&#8221;22px&#8221; title_letter_spacing__hover=&#8221;0px&#8221; title_letter_spacing__hover_enabled=&#8221;0px&#8221; title_line_height__hover=&#8221;1em&#8221; title_line_height__hover_enabled=&#8221;1em&#8221; title_text_shadow_style__hover=&#8221;none&#8221; title_text_shadow_style__hover_enabled=&#8221;none&#8221; title_text_shadow_color__hover=&#8221;rgba(0,0,0,0.4)&#8221; title_text_shadow_color__hover_enabled=&#8221;rgba(0,0,0,0.4)&#8221; sticky_enabled=&#8221;0&#8243;]<\/p>\n<h3 style=\"text-align: justify;\">Materials<\/h3>\n<h3 style=\"text-align: justify;\"><\/h3>\n<h3 style=\"text-align: justify;\">Construction<\/h3>\n<p style=\"text-align: justify;\">Corpus in lacquered birch plywood with visible plywood edge.<\/p>\n<p style=\"text-align: justify;\"><img decoding=\"async\" src=\"http:\/\/hojermobler.dk\/wp-content\/uploads\/2022\/08\/Birk-lakeret.jpg\" width=\"107\" height=\"106\" alt=\"\" class=\"wp-image-8639 alignnone size-full\" srcset=\"https:\/\/hojermobler.dk\/wp-content\/uploads\/2022\/08\/Birk-lakeret.jpg 166w, https:\/\/hojermobler.dk\/wp-content\/uploads\/2022\/08\/Birk-lakeret-150x150.jpg 150w\" sizes=\"(max-width: 107px) 100vw, 107px\" \/><\/p>\n<p style=\"text-align: justify;\">\n<h4 style=\"text-align: justify;\">Krea cart 1<\/h4>\n<p>Model with drawers<br \/>Including top and 3 drawers in plywood with high pressure laminate. Moreover there is an open space at the end of each top for storage of fabric or paper rolls.<\/p>\n<p style=\"text-align: justify;\"><strong><img decoding=\"async\" src=\"http:\/\/hojermobler.dk\/wp-content\/uploads\/2022\/08\/Kreavogn-aendret-top_flere-lag-300x222.jpg\" width=\"266\" height=\"197\" alt=\"\" class=\"wp-image-8774 alignnone size-medium\" \/><\/strong><\/p>\n<p style=\"text-align: justify;\"><strong><\/strong><\/p>\n<h4 style=\"text-align: justify;\">Krea cart 2<\/h4>\n<p style=\"text-align: justify;\">Model with shelves<br \/>at one side \u2013 16 shelves for cardboard and paper in A4\/A3 format. On the other side \u2013 4 large shelves for storage boxes.<\/p>\n<p style=\"text-align: justify;\"><strong><img decoding=\"async\" src=\"http:\/\/hojermobler.dk\/wp-content\/uploads\/2022\/08\/Kreavogn-300x226.jpg\" width=\"246\" height=\"185\" alt=\"\" class=\"wp-image-8769 alignnone size-medium\" \/> <img decoding=\"async\" src=\"http:\/\/hojermobler.dk\/wp-content\/uploads\/2022\/08\/Kreavogn-bag-300x208.jpg\" width=\"262\" height=\"182\" alt=\"\" class=\"wp-image-8779 alignnone size-medium\" \/><\/strong><\/p>\n<p style=\"text-align: justify;\"><strong><\/strong><\/p>\n<p style=\"text-align: justify;\"><strong><\/strong><\/p>\n<h4 style=\"text-align: justify;\">Choose between 2 different tops:<\/h4>\n<p style=\"text-align: justify;\"><strong><\/strong><\/p>\n<p style=\"text-align: justify;\"><strong><\/strong><\/p>\n<h4 style=\"text-align: justify;\"><em><strong>Top 1 <\/strong><\/em><\/h4>\n<p style=\"text-align: justify;\"><em><strong>With 6 compartments + 1 extra compartment at the end.<\/strong><\/em><\/p>\n<p style=\"text-align: justify;\"><img decoding=\"async\" src=\"http:\/\/hojermobler.dk\/wp-content\/uploads\/2022\/08\/Kreavogn-top-1.jpg\" width=\"300\" height=\"231\" alt=\"\" class=\"wp-image-8629 alignnone size-full\" \/><\/p>\n<h4 style=\"text-align: justify;\"><em><strong>Top 2\u00a0<\/strong><\/em><\/h4>\n<p style=\"text-align: justify;\"><em><strong>With 8 small, 2 medium, 1 big compartment and 1 extra compartment at the end.<\/strong><\/em><\/p>\n<p style=\"text-align: justify;\"><img decoding=\"async\" src=\"http:\/\/hojermobler.dk\/wp-content\/uploads\/2022\/08\/Kreavogn-top-2-300x225-1.jpg\" width=\"300\" height=\"225\" alt=\"\" class=\"wp-image-8634 alignnone size-full\" \/><\/p>\n<h3 style=\"text-align: justify;\">Edge<\/h3>\n<p>Body in varnished plywood with visible edges.<\/p>\n<p><img decoding=\"async\" src=\"http:\/\/hojermobler.dk\/wp-content\/uploads\/2022\/08\/Kreavogn-300x290-lige-kant.jpg\" width=\"300\" height=\"290\" alt=\"\" class=\"wp-image-8624 alignnone size-full\" \/><\/p>\n<p><img decoding=\"async\" src=\"http:\/\/hojermobler.dk\/wp-content\/uploads\/2022\/06\/Kant-A-300x155.jpg\" width=\"300\" height=\"155\" alt=\"\" class=\"wp-image-5517 alignnone size-medium\" \/><\/p>\n<p>[\/et_pb_toggle][\/et_pb_column][\/et_pb_row][\/et_pb_section][et_pb_section fb_built=&#8221;1&#8243; module_id=&#8221;anchor-1&#8243; module_class=&#8221;print-only&#8221; _builder_version=&#8221;4.18.0&#8243; _module_preset=&#8221;default&#8221; background_color=&#8221;#d6d6d6&#8243; min_height=&#8221;33.5px&#8221; custom_padding=&#8221;18px||0px|||&#8221; global_colors_info=&#8221;{}&#8221;][et_pb_row _builder_version=&#8221;4.17.3&#8243; _module_preset=&#8221;default&#8221; width=&#8221;100%&#8221; max_width=&#8221;1545px&#8221; module_alignment=&#8221;center&#8221; min_height=&#8221;56.8px&#8221; custom_margin=&#8221;-3px|auto||185px||&#8221; custom_padding=&#8221;15px||3px|0px||&#8221; global_colors_info=&#8221;{}&#8221;][et_pb_column type=&#8221;4_4&#8243; _builder_version=&#8221;4.17.3&#8243; _module_preset=&#8221;default&#8221; global_colors_info=&#8221;{}&#8221;][et_pb_text _builder_version=&#8221;4.18.0&#8243; _module_preset=&#8221;default&#8221; text_font=&#8221;Roboto||||||||&#8221; width=&#8221;100%&#8221; min_height=&#8221;6.8px&#8221; custom_margin=&#8221;||5px|||&#8221; custom_padding=&#8221;||10px|||&#8221; hover_enabled=&#8221;0&#8243; global_colors_info=&#8221;{}&#8221; sticky_enabled=&#8221;0&#8243;]<\/p>\n<h2>Colors laminate<\/h2>\n<p>Drawers \/ top<\/p>\n<p>[\/et_pb_text][\/et_pb_column][\/et_pb_row][\/et_pb_section][et_pb_section fb_built=&#8221;1&#8243; module_id=&#8221;anchor-1&#8243; module_class=&#8221;col-width print-only&#8221; _builder_version=&#8221;4.17.3&#8243; _module_preset=&#8221;default&#8221; background_color=&#8221;#D6D6D6&#8243; min_height=&#8221;229px&#8221; height=&#8221;189px&#8221; max_height=&#8221;146px&#8221; custom_margin=&#8221;-1px||-1px||true|&#8221; custom_padding=&#8221;7px|0px|0px|||&#8221; global_colors_info=&#8221;{}&#8221;][et_pb_row use_custom_gutter=&#8221;on&#8221; gutter_width=&#8221;1&#8243; make_equal=&#8221;on&#8221; module_class=&#8221;four-columns&#8221; _builder_version=&#8221;4.17.3&#8243; _module_preset=&#8221;default&#8221; width=&#8221;100%&#8221; max_width=&#8221;1545px&#8221; min_height=&#8221;90.1px&#8221; custom_margin=&#8221;|auto|-36px|auto||&#8221; custom_padding=&#8221;0px||0px|0px|false|false&#8221; global_colors_info=&#8221;{}&#8221;][et_pb_column type=&#8221;4_4&#8243; _builder_version=&#8221;4.17.3&#8243; _module_preset=&#8221;default&#8221; global_colors_info=&#8221;{}&#8221;][et_pb_image src=&#8221;http:\/\/hojermobler.dk\/wp-content\/uploads\/2022\/09\/Hvid-0101-PE.jpg&#8221; alt=&#8221;White-0101-PE&#8221; title_text=&#8221;White-0101-PE&#8221; show_in_lightbox=&#8221;on&#8221; module_class=&#8221;col-width&#8221; _builder_version=&#8221;4.18.0&#8243; _module_preset=&#8221;default&#8221; width=&#8221;5%&#8221; hover_enabled=&#8221;0&#8243; custom_css_main_element=&#8221;display:inline-block;&#8221; border_width_all=&#8221;3px&#8221; border_color_all=&#8221;RGBA(255,255,255,0)&#8221; global_colors_info=&#8221;{}&#8221; sticky_enabled=&#8221;0&#8243;][\/et_pb_image][et_pb_image src=&#8221;http:\/\/hojermobler.dk\/wp-content\/uploads\/2022\/09\/Lys-graa-0112-PE.jpg&#8221; alt=&#8221;Light grey 0112-PE&#8221; title_text=&#8221;Light grey 0112-PE&#8221; show_in_lightbox=&#8221;on&#8221; module_class=&#8221;col-width&#8221; _builder_version=&#8221;4.18.0&#8243; _module_preset=&#8221;default&#8221; width=&#8221;5%&#8221; hover_enabled=&#8221;0&#8243; custom_css_main_element=&#8221;display:inline-block;&#8221; border_width_all=&#8221;3px&#8221; border_color_all=&#8221;RGBA(255,255,255,0)&#8221; global_colors_info=&#8221;{}&#8221; sticky_enabled=&#8221;0&#8243;][\/et_pb_image][et_pb_image src=&#8221;http:\/\/hojermobler.dk\/wp-content\/uploads\/2022\/09\/Moerk-0171-PE.jpg&#8221; alt=&#8221;Dark 0171 PE&#8221; title_text=&#8221;Dark 0171 PE&#8221; show_in_lightbox=&#8221;on&#8221; module_class=&#8221;col-width&#8221; _builder_version=&#8221;4.18.0&#8243; _module_preset=&#8221;default&#8221; width=&#8221;5%&#8221; hover_enabled=&#8221;0&#8243; custom_css_main_element=&#8221;display:inline-block;&#8221; border_width_all=&#8221;3px&#8221; border_color_all=&#8221;RGBA(255,255,255,0)&#8221; global_colors_info=&#8221;{}&#8221; sticky_enabled=&#8221;0&#8243;][\/et_pb_image][et_pb_image src=&#8221;http:\/\/hojermobler.dk\/wp-content\/uploads\/2022\/09\/Storm-0162-PE-1.jpg&#8221; alt=&#8221;Storm 0162 PE&#8221; title_text=&#8221;Storm 0162 PE&#8221; show_in_lightbox=&#8221;on&#8221; module_class=&#8221;col-width&#8221; _builder_version=&#8221;4.17.3&#8243; _module_preset=&#8221;default&#8221; width=&#8221;5%&#8221; hover_enabled=&#8221;0&#8243; custom_css_main_element=&#8221;display:inline-block;&#8221; border_width_all=&#8221;3px&#8221; border_color_all=&#8221;RGBA(255,255,255,0)&#8221; global_colors_info=&#8221;{}&#8221; sticky_enabled=&#8221;0&#8243;][\/et_pb_image][et_pb_image src=&#8221;http:\/\/hojermobler.dk\/wp-content\/uploads\/2022\/09\/Citadel-6299-BS.jpg&#8221; alt=&#8221;Citadel 6299 BS&#8221; title_text=&#8221;Citadel 6299 BS&#8221; show_in_lightbox=&#8221;on&#8221; module_class=&#8221;col-width&#8221; _builder_version=&#8221;4.17.3&#8243; _module_preset=&#8221;default&#8221; width=&#8221;5%&#8221; custom_css_main_element=&#8221;display:inline-block;&#8221; border_width_all=&#8221;3px&#8221; border_color_all=&#8221;RGBA(255,255,255,0)&#8221; global_colors_info=&#8221;{}&#8221;][\/et_pb_image][et_pb_image src=&#8221;http:\/\/hojermobler.dk\/wp-content\/uploads\/2022\/09\/Otter-0301-SU.jpg&#8221; alt=&#8221;Otter 0301 SU&#8221; title_text=&#8221;Otter 0301 SU&#8221; show_in_lightbox=&#8221;on&#8221; module_class=&#8221;col-width&#8221; _builder_version=&#8221;4.17.3&#8243; _module_preset=&#8221;default&#8221; width=&#8221;5%&#8221; custom_css_main_element=&#8221;display:inline-block;&#8221; border_width_all=&#8221;3px&#8221; border_color_all=&#8221;RGBA(255,255,255,0)&#8221; global_colors_info=&#8221;{}&#8221;][\/et_pb_image][et_pb_image src=&#8221;http:\/\/hojermobler.dk\/wp-content\/uploads\/2022\/09\/Eg-8431-SN.jpg&#8221; alt=&#8221;Oak 8431 SN&#8221; title_text=&#8221;Oak 8431 SN&#8221; show_in_lightbox=&#8221;on&#8221; module_class=&#8221;col-width&#8221; _builder_version=&#8221;4.18.0&#8243; _module_preset=&#8221;default&#8221; width=&#8221;5%&#8221; hover_enabled=&#8221;0&#8243; custom_css_main_element=&#8221;display:inline-block;&#8221; border_width_all=&#8221;3px&#8221; border_color_all=&#8221;RGBA(255,255,255,0)&#8221; global_colors_info=&#8221;{}&#8221; sticky_enabled=&#8221;0&#8243;][\/et_pb_image][et_pb_image src=&#8221;http:\/\/hojermobler.dk\/wp-content\/uploads\/2022\/09\/8533-BS.jpg&#8221; alt=&#8221;8533-BS&#8221; title_text=&#8221;8533-BS&#8221; show_in_lightbox=&#8221;on&#8221; module_class=&#8221;col-width&#8221; _builder_version=&#8221;4.17.3&#8243; _module_preset=&#8221;default&#8221; width=&#8221;5%&#8221; custom_css_main_element=&#8221;display:inline-block;&#8221; border_width_all=&#8221;3px&#8221; border_color_all=&#8221;RGBA(255,255,255,0)&#8221; global_colors_info=&#8221;{}&#8221;][\/et_pb_image][et_pb_image src=&#8221;http:\/\/hojermobler.dk\/wp-content\/uploads\/2022\/09\/7166-BS.jpg&#8221; alt=&#8221;7166 BS&#8221; title_text=&#8221;7166 BS&#8221; show_in_lightbox=&#8221;on&#8221; module_class=&#8221;col-width&#8221; _builder_version=&#8221;4.17.3&#8243; _module_preset=&#8221;default&#8221; width=&#8221;5%&#8221; custom_css_main_element=&#8221;display:inline-block;&#8221; border_width_all=&#8221;3px&#8221; border_color_all=&#8221;RGBA(255,255,255,0)&#8221; global_colors_info=&#8221;{}&#8221;][\/et_pb_image][et_pb_image src=&#8221;http:\/\/hojermobler.dk\/wp-content\/uploads\/2022\/09\/K097-SU.jpg&#8221; alt=&#8221;K097 SU&#8221; title_text=&#8221;K097 SU&#8221; show_in_lightbox=&#8221;on&#8221; module_class=&#8221;col-width&#8221; _builder_version=&#8221;4.17.3&#8243; _module_preset=&#8221;default&#8221; width=&#8221;5%&#8221; custom_css_main_element=&#8221;display:inline-block;&#8221; border_width_all=&#8221;3px&#8221; border_color_all=&#8221;RGBA(255,255,255,0)&#8221; global_colors_info=&#8221;{}&#8221;][\/et_pb_image][et_pb_image src=&#8221;http:\/\/hojermobler.dk\/wp-content\/uploads\/2022\/09\/K098-SU.jpg&#8221; alt=&#8221;K097 SU&#8221; title_text=&#8221;K097 SU&#8221; show_in_lightbox=&#8221;on&#8221; module_class=&#8221;col-width&#8221; _builder_version=&#8221;4.17.3&#8243; _module_preset=&#8221;default&#8221; width=&#8221;5%&#8221; custom_css_main_element=&#8221;display:inline-block;&#8221; border_width_all=&#8221;3px&#8221; border_color_all=&#8221;RGBA(255,255,255,0)&#8221; global_colors_info=&#8221;{}&#8221;][\/et_pb_image][et_pb_image src=&#8221;http:\/\/hojermobler.dk\/wp-content\/uploads\/2022\/09\/8984-BS.jpg&#8221; alt=&#8221;8984 BS&#8221; title_text=&#8221;8984 BS&#8221; show_in_lightbox=&#8221;on&#8221; module_class=&#8221;col-width&#8221; _builder_version=&#8221;4.17.3&#8243; _module_preset=&#8221;default&#8221; width=&#8221;5%&#8221; custom_css_main_element=&#8221;display:inline-block;&#8221; border_width_all=&#8221;3px&#8221; border_color_all=&#8221;RGBA(255,255,255,0)&#8221; global_colors_info=&#8221;{}&#8221;][\/et_pb_image][et_pb_image src=&#8221;http:\/\/hojermobler.dk\/wp-content\/uploads\/2022\/09\/9561-BS.jpg&#8221; alt=&#8221;9561 BS&#8221; title_text=&#8221;9561 BS&#8221; show_in_lightbox=&#8221;on&#8221; module_class=&#8221;col-width&#8221; _builder_version=&#8221;4.17.3&#8243; _module_preset=&#8221;default&#8221; width=&#8221;5%&#8221; custom_css_main_element=&#8221;display:inline-block;&#8221; border_width_all=&#8221;3px&#8221; border_color_all=&#8221;RGBA(255,255,255,0)&#8221; global_colors_info=&#8221;{}&#8221;][\/et_pb_image][et_pb_image src=&#8221;http:\/\/hojermobler.dk\/wp-content\/uploads\/2022\/09\/K096.jpg&#8221; alt=&#8221;K096&#8243; title_text=&#8221;K096&#8243; show_in_lightbox=&#8221;on&#8221; module_class=&#8221;col-width&#8221; _builder_version=&#8221;4.17.3&#8243; _module_preset=&#8221;default&#8221; width=&#8221;5%&#8221; custom_css_main_element=&#8221;display:inline-block;&#8221; border_width_all=&#8221;3px&#8221; border_color_all=&#8221;RGBA(255,255,255,0)&#8221; global_colors_info=&#8221;{}&#8221;][\/et_pb_image][et_pb_image src=&#8221;http:\/\/hojermobler.dk\/wp-content\/uploads\/2022\/09\/5519-BS.jpg&#8221; alt=&#8221;5519 BS&#8221; title_text=&#8221;5519 BS&#8221; show_in_lightbox=&#8221;on&#8221; module_class=&#8221;col-width&#8221; _builder_version=&#8221;4.17.3&#8243; _module_preset=&#8221;default&#8221; width=&#8221;5%&#8221; custom_css_main_element=&#8221;display:inline-block;&#8221; border_width_all=&#8221;3px&#8221; border_color_all=&#8221;RGBA(255,255,255,0)&#8221; global_colors_info=&#8221;{}&#8221;][\/et_pb_image][et_pb_image src=&#8221;http:\/\/hojermobler.dk\/wp-content\/uploads\/2022\/09\/0244.jpg&#8221; alt=&#8221;0244 SU&#8221; title_text=&#8221;0244 SU&#8221; show_in_lightbox=&#8221;on&#8221; module_class=&#8221;col-width&#8221; _builder_version=&#8221;4.17.3&#8243; _module_preset=&#8221;default&#8221; width=&#8221;5%&#8221; custom_css_main_element=&#8221;display:inline-block;&#8221; border_width_all=&#8221;3px&#8221; border_color_all=&#8221;RGBA(255,255,255,0)&#8221; global_colors_info=&#8221;{}&#8221;][\/et_pb_image][\/et_pb_column][\/et_pb_row][et_pb_row use_custom_gutter=&#8221;on&#8221; gutter_width=&#8221;1&#8243; make_equal=&#8221;on&#8221; module_class=&#8221;four-columns&#8221; _builder_version=&#8221;4.17.3&#8243; _module_preset=&#8221;default&#8221; width=&#8221;100%&#8221; max_width=&#8221;1545px&#8221; min_height=&#8221;18.1px&#8221; custom_margin=&#8221;|auto|-36px|auto||&#8221; custom_padding=&#8221;39px||0px|0px|false|false&#8221; global_colors_info=&#8221;{}&#8221;][et_pb_column type=&#8221;4_4&#8243; _builder_version=&#8221;4.17.3&#8243; _module_preset=&#8221;default&#8221; global_colors_info=&#8221;{}&#8221;][\/et_pb_column][\/et_pb_row][\/et_pb_section][et_pb_section fb_built=&#8221;1&#8243; _builder_version=&#8221;4.17.3&#8243; _module_preset=&#8221;default&#8221; background_color=&#8221;#d6d6d6&#8243; min_height=&#8221;33.5px&#8221; custom_padding=&#8221;18px||0px|||&#8221; global_colors_info=&#8221;{}&#8221;][\/et_pb_section][et_pb_section fb_built=&#8221;1&#8243; _builder_version=&#8221;4.17.3&#8243; _module_preset=&#8221;default&#8221; min_height=&#8221;410px&#8221; custom_margin=&#8221;||-474px|||&#8221; custom_padding=&#8221;69px||43px|||&#8221; global_colors_info=&#8221;{}&#8221;][\/et_pb_section]<\/p>\n","protected":false},"excerpt":{"rendered":"<p>Krea cart H\u00f8jer M\u00f8bler A\/SThe Krea cart is a storage solution, which is developed for classrooms for Arts and Crafts, Makerspaces and other creative environments. In the Krea cart you can store everything from cardboard, paper and fabric rolls to writing and painting tools, fabric samples, buttons and glue etc. All that is need for [&hellip;]<\/p>\n","protected":false},"author":3,"featured_media":8817,"comment_status":"open","ping_status":"closed","template":"","meta":{"_et_pb_use_builder":"on","_et_pb_old_content":"","_et_gb_content_width":"","_monsterinsights_skip_tracking":false,"_monsterinsights_sitenote_active":false,"_monsterinsights_sitenote_note":"","_monsterinsights_sitenote_category":0,"footnotes":""},"project_category":[67,74,39],"project_tag":[],"class_list":["post-16550","project","type-project","status-publish","has-post-thumbnail","hentry","project_category-products","project_category-storage-and-wardrobe","project_category-opbevaring-og-garderobe"],"yoast_head":"<!-- This site is optimized with the Yoast SEO plugin v25.9 - https:\/\/yoast.com\/wordpress\/plugins\/seo\/ -->\n<title>Krea cart<\/title>\n<meta name=\"description\" content=\"The Krea cart is a storage solution, which is developed for classrooms for Arts and Crafts, Makerspaces and other creative environments.\" \/>\n<meta name=\"robots\" content=\"index, follow, max-snippet:-1, max-image-preview:large, max-video-preview:-1\" \/>\n<link rel=\"canonical\" href=\"https:\/\/hojermobler.dk\/en\/project\/krea-cart\/\" \/>\n<meta property=\"og:locale\" content=\"en_US\" \/>\n<meta property=\"og:type\" content=\"article\" \/>\n<meta property=\"og:title\" content=\"Krea cart\" \/>\n<meta property=\"og:description\" content=\"The Krea cart is a storage solution, which is developed for classrooms for Arts and Crafts, Makerspaces and other creative environments.\" \/>\n<meta property=\"og:url\" content=\"https:\/\/hojermobler.dk\/en\/project\/krea-cart\/\" \/>\n<meta property=\"og:site_name\" content=\"H\u00f8jer M\u00f8bler\" \/>\n<meta property=\"article:modified_time\" content=\"2022-09-26T08:34:25+00:00\" \/>\n<meta property=\"og:image\" content=\"https:\/\/hojermobler.dk\/wp-content\/uploads\/2022\/08\/Kreavogn-kategoribillede.jpg\" \/>\n\t<meta property=\"og:image:width\" content=\"920\" \/>\n\t<meta property=\"og:image:height\" content=\"628\" \/>\n\t<meta property=\"og:image:type\" content=\"image\/jpeg\" \/>\n<meta name=\"twitter:card\" content=\"summary_large_image\" \/>\n<meta name=\"twitter:label1\" content=\"Est. reading time\" \/>\n\t<meta name=\"twitter:data1\" content=\"6 minutes\" \/>\n<script type=\"application\/ld+json\" class=\"yoast-schema-graph\">{\"@context\":\"https:\/\/schema.org\",\"@graph\":[{\"@type\":\"WebPage\",\"@id\":\"https:\/\/hojermobler.dk\/en\/project\/krea-cart\/\",\"url\":\"https:\/\/hojermobler.dk\/en\/project\/krea-cart\/\",\"name\":\"Krea cart\",\"isPartOf\":{\"@id\":\"https:\/\/hojermobler.dk\/#website\"},\"primaryImageOfPage\":{\"@id\":\"https:\/\/hojermobler.dk\/en\/project\/krea-cart\/#primaryimage\"},\"image\":{\"@id\":\"https:\/\/hojermobler.dk\/en\/project\/krea-cart\/#primaryimage\"},\"thumbnailUrl\":\"https:\/\/hojermobler.dk\/wp-content\/uploads\/2022\/08\/Kreavogn-kategoribillede.jpg\",\"datePublished\":\"2022-09-26T08:23:38+00:00\",\"dateModified\":\"2022-09-26T08:34:25+00:00\",\"description\":\"The Krea cart is a storage solution, which is developed for classrooms for Arts and Crafts, Makerspaces and other creative environments.\",\"breadcrumb\":{\"@id\":\"https:\/\/hojermobler.dk\/en\/project\/krea-cart\/#breadcrumb\"},\"inLanguage\":\"en-US\",\"potentialAction\":[{\"@type\":\"ReadAction\",\"target\":[\"https:\/\/hojermobler.dk\/en\/project\/krea-cart\/\"]}]},{\"@type\":\"ImageObject\",\"inLanguage\":\"en-US\",\"@id\":\"https:\/\/hojermobler.dk\/en\/project\/krea-cart\/#primaryimage\",\"url\":\"https:\/\/hojermobler.dk\/wp-content\/uploads\/2022\/08\/Kreavogn-kategoribillede.jpg\",\"contentUrl\":\"https:\/\/hojermobler.dk\/wp-content\/uploads\/2022\/08\/Kreavogn-kategoribillede.jpg\",\"width\":920,\"height\":628},{\"@type\":\"BreadcrumbList\",\"@id\":\"https:\/\/hojermobler.dk\/en\/project\/krea-cart\/#breadcrumb\",\"itemListElement\":[{\"@type\":\"ListItem\",\"position\":1,\"name\":\"Hjem\",\"item\":\"https:\/\/hojermobler.dk\/en\/\"},{\"@type\":\"ListItem\",\"position\":2,\"name\":\"Projects\",\"item\":\"https:\/\/hojermobler.dk\/en\/project\/\"},{\"@type\":\"ListItem\",\"position\":3,\"name\":\"Krea Cart\"}]},{\"@type\":\"WebSite\",\"@id\":\"https:\/\/hojermobler.dk\/#website\",\"url\":\"https:\/\/hojermobler.dk\/\",\"name\":\"H\u00f8jer M\u00f8bler\",\"description\":\"Fleksible l\u00e6ringsrum med plads til alle elever\",\"potentialAction\":[{\"@type\":\"SearchAction\",\"target\":{\"@type\":\"EntryPoint\",\"urlTemplate\":\"https:\/\/hojermobler.dk\/?s={search_term_string}\"},\"query-input\":{\"@type\":\"PropertyValueSpecification\",\"valueRequired\":true,\"valueName\":\"search_term_string\"}}],\"inLanguage\":\"en-US\"}]}<\/script>\n<!-- \/ Yoast SEO plugin. -->","yoast_head_json":{"title":"Krea cart","description":"The Krea cart is a storage solution, which is developed for classrooms for Arts and Crafts, Makerspaces and other creative environments.","robots":{"index":"index","follow":"follow","max-snippet":"max-snippet:-1","max-image-preview":"max-image-preview:large","max-video-preview":"max-video-preview:-1"},"canonical":"https:\/\/hojermobler.dk\/en\/project\/krea-cart\/","og_locale":"en_US","og_type":"article","og_title":"Krea cart","og_description":"The Krea cart is a storage solution, which is developed for classrooms for Arts and Crafts, Makerspaces and other creative environments.","og_url":"https:\/\/hojermobler.dk\/en\/project\/krea-cart\/","og_site_name":"H\u00f8jer M\u00f8bler","article_modified_time":"2022-09-26T08:34:25+00:00","og_image":[{"width":920,"height":628,"url":"https:\/\/hojermobler.dk\/wp-content\/uploads\/2022\/08\/Kreavogn-kategoribillede.jpg","type":"image\/jpeg"}],"twitter_card":"summary_large_image","twitter_misc":{"Est. reading time":"6 minutes"},"schema":{"@context":"https:\/\/schema.org","@graph":[{"@type":"WebPage","@id":"https:\/\/hojermobler.dk\/en\/project\/krea-cart\/","url":"https:\/\/hojermobler.dk\/en\/project\/krea-cart\/","name":"Krea cart","isPartOf":{"@id":"https:\/\/hojermobler.dk\/#website"},"primaryImageOfPage":{"@id":"https:\/\/hojermobler.dk\/en\/project\/krea-cart\/#primaryimage"},"image":{"@id":"https:\/\/hojermobler.dk\/en\/project\/krea-cart\/#primaryimage"},"thumbnailUrl":"https:\/\/hojermobler.dk\/wp-content\/uploads\/2022\/08\/Kreavogn-kategoribillede.jpg","datePublished":"2022-09-26T08:23:38+00:00","dateModified":"2022-09-26T08:34:25+00:00","description":"The Krea cart is a storage solution, which is developed for classrooms for Arts and Crafts, Makerspaces and other creative environments.","breadcrumb":{"@id":"https:\/\/hojermobler.dk\/en\/project\/krea-cart\/#breadcrumb"},"inLanguage":"en-US","potentialAction":[{"@type":"ReadAction","target":["https:\/\/hojermobler.dk\/en\/project\/krea-cart\/"]}]},{"@type":"ImageObject","inLanguage":"en-US","@id":"https:\/\/hojermobler.dk\/en\/project\/krea-cart\/#primaryimage","url":"https:\/\/hojermobler.dk\/wp-content\/uploads\/2022\/08\/Kreavogn-kategoribillede.jpg","contentUrl":"https:\/\/hojermobler.dk\/wp-content\/uploads\/2022\/08\/Kreavogn-kategoribillede.jpg","width":920,"height":628},{"@type":"BreadcrumbList","@id":"https:\/\/hojermobler.dk\/en\/project\/krea-cart\/#breadcrumb","itemListElement":[{"@type":"ListItem","position":1,"name":"Hjem","item":"https:\/\/hojermobler.dk\/en\/"},{"@type":"ListItem","position":2,"name":"Projects","item":"https:\/\/hojermobler.dk\/en\/project\/"},{"@type":"ListItem","position":3,"name":"Krea Cart"}]},{"@type":"WebSite","@id":"https:\/\/hojermobler.dk\/#website","url":"https:\/\/hojermobler.dk\/","name":"H\u00f8jer M\u00f8bler","description":"Fleksible l\u00e6ringsrum med plads til alle elever","potentialAction":[{"@type":"SearchAction","target":{"@type":"EntryPoint","urlTemplate":"https:\/\/hojermobler.dk\/?s={search_term_string}"},"query-input":{"@type":"PropertyValueSpecification","valueRequired":true,"valueName":"search_term_string"}}],"inLanguage":"en-US"}]}},"_links":{"self":[{"href":"https:\/\/hojermobler.dk\/en\/wp-json\/wp\/v2\/project\/16550","targetHints":{"allow":["GET"]}}],"collection":[{"href":"https:\/\/hojermobler.dk\/en\/wp-json\/wp\/v2\/project"}],"about":[{"href":"https:\/\/hojermobler.dk\/en\/wp-json\/wp\/v2\/types\/project"}],"author":[{"embeddable":true,"href":"https:\/\/hojermobler.dk\/en\/wp-json\/wp\/v2\/users\/3"}],"replies":[{"embeddable":true,"href":"https:\/\/hojermobler.dk\/en\/wp-json\/wp\/v2\/comments?post=16550"}],"version-history":[{"count":6,"href":"https:\/\/hojermobler.dk\/en\/wp-json\/wp\/v2\/project\/16550\/revisions"}],"predecessor-version":[{"id":16561,"href":"https:\/\/hojermobler.dk\/en\/wp-json\/wp\/v2\/project\/16550\/revisions\/16561"}],"wp:featuredmedia":[{"embeddable":true,"href":"https:\/\/hojermobler.dk\/en\/wp-json\/wp\/v2\/media\/8817"}],"wp:attachment":[{"href":"https:\/\/hojermobler.dk\/en\/wp-json\/wp\/v2\/media?parent=16550"}],"wp:term":[{"taxonomy":"project_category","embeddable":true,"href":"https:\/\/hojermobler.dk\/en\/wp-json\/wp\/v2\/project_category?post=16550"},{"taxonomy":"project_tag","embeddable":true,"href":"https:\/\/hojermobler.dk\/en\/wp-json\/wp\/v2\/project_tag?post=16550"}],"curies":[{"name":"wp","href":"https:\/\/api.w.org\/{rel}","templated":true}]}}