{"id":17264,"date":"2022-10-03T10:40:26","date_gmt":"2022-10-03T10:40:26","guid":{"rendered":"http:\/\/hojermobler.dk\/?post_type=project&#038;p=17264"},"modified":"2023-05-17T08:17:33","modified_gmt":"2023-05-17T08:17:33","slug":"isley","status":"publish","type":"project","link":"https:\/\/hojermobler.dk\/de\/project\/isley\/","title":{"rendered":"Isley"},"content":{"rendered":"<p>[et_pb_section fb_built=&#8220;1&#8243; _builder_version=&#8220;4.17.3&#8243; _module_preset=&#8220;default&#8220; min_height=&#8220;78.1px&#8220; custom_margin=&#8220;||-70px||false|false&#8220; custom_padding=&#8220;0px||0px|||&#8220; global_colors_info=&#8220;{}&#8220;][et_pb_row _builder_version=&#8220;4.17.3&#8243; _module_preset=&#8220;default&#8220; width=&#8220;100%&#8220; max_width=&#8220;1545px&#8220; min_height=&#8220;84.1px&#8220; custom_padding=&#8220;4px||0px|||&#8220; global_colors_info=&#8220;{}&#8220;][et_pb_column type=&#8220;4_4&#8243; _builder_version=&#8220;4.17.3&#8243; _module_preset=&#8220;default&#8220; global_colors_info=&#8220;{}&#8220;][et_pb_sidebar area=&#8220;et_pb_widget_area_1&#8243; show_border=&#8220;off&#8220; _builder_version=&#8220;4.17.3&#8243; _module_preset=&#8220;default&#8220; header_font=&#8220;Roboto|100|||||||&#8220; header_font_size=&#8220;13px&#8220; body_font=&#8220;Roboto|300|||||||&#8220; body_text_align=&#8220;left&#8220; body_font_size=&#8220;13px&#8220; text_orientation=&#8220;justified&#8220; module_alignment=&#8220;left&#8220; min_height=&#8220;60.1px&#8220; custom_margin=&#8220;||-90px|||&#8220; custom_padding=&#8220;0px||0px|||&#8220; custom_css_main_element=&#8220;padding:10px 0px !important;&#8220; global_colors_info=&#8220;{}&#8220;][\/et_pb_sidebar][\/et_pb_column][\/et_pb_row][\/et_pb_section][et_pb_section fb_built=&#8220;1&#8243; admin_label=&#8220;Header&#8220; module_class=&#8220;print-only&#8220; _builder_version=&#8220;4.17.3&#8243; _module_preset=&#8220;default&#8220; background_color=&#8220;#e8e8e8&#8243; background_color_gradient_direction=&#8220;150deg&#8220; background_image=&#8220;https:\/\/hojermobler.dk\/wp-content\/uploads\/2022\/07\/furniture-25-1.png&#8220; custom_padding=&#8220;54px|0px|0|0px|false|false&#8220; global_colors_info=&#8220;{}&#8220;][et_pb_row column_structure=&#8220;1_2,1_2&#8243; _builder_version=&#8220;4.17.3&#8243; _module_preset=&#8220;default&#8220; width=&#8220;100%&#8220; max_width=&#8220;1545px&#8220; module_alignment=&#8220;center&#8220; global_colors_info=&#8220;{}&#8220;][et_pb_column type=&#8220;1_2&#8243; _builder_version=&#8220;4.16&#8243; _module_preset=&#8220;default&#8220; custom_padding=&#8220;|||&#8220; global_colors_info=&#8220;{}&#8220; custom_padding__hover=&#8220;|||&#8220;][et_pb_image src=&#8220;https:\/\/hojermobler.dk\/wp-content\/uploads\/2022\/10\/Isley-produktbillede.jpg&#8220; title_text=&#8220;Isley-produktbillede&#8220; admin_label=&#8220;Produktbillede&#8220; _builder_version=&#8220;4.21.0&#8243; _module_preset=&#8220;default&#8220; hover_enabled=&#8220;0&#8243; global_colors_info=&#8220;{}&#8220; sticky_enabled=&#8220;0&#8243;][\/et_pb_image][\/et_pb_column][et_pb_column type=&#8220;1_2&#8243; _builder_version=&#8220;4.16&#8243; _module_preset=&#8220;default&#8220; custom_padding=&#8220;|||&#8220; global_colors_info=&#8220;{}&#8220; custom_padding__hover=&#8220;|||&#8220;][et_pb_text admin_label=&#8220;Produkttitel&#8220; _builder_version=&#8220;4.18.0&#8243; _module_preset=&#8220;default&#8220; text_font=&#8220;||||||||&#8220; header_font=&#8220;Montserrat|300|||||||&#8220; header_text_align=&#8220;left&#8220; header_font_size=&#8220;70px&#8220; header_line_height=&#8220;1.3em&#8220; header_4_font=&#8220;Montserrat|500||on|||||&#8220; header_4_text_align=&#8220;left&#8220; header_4_text_color=&#8220;#566559&#8243; header_4_font_size=&#8220;11px&#8220; header_4_letter_spacing=&#8220;3px&#8220; text_orientation=&#8220;center&#8220; background_layout=&#8220;dark&#8220; custom_padding=&#8220;|||17px||&#8220; header_font_size_tablet=&#8220;50px&#8220; header_font_size_phone=&#8220;40px&#8220; header_font_size_last_edited=&#8220;on|phone&#8220; header_text_shadow_style=&#8220;preset4&#8243; header_text_shadow_horizontal_length=&#8220;0.03em&#8220; header_text_shadow_vertical_length=&#8220;0.06em&#8220; header_text_shadow_blur_strength=&#8220;0.04em&#8220; locked=&#8220;off&#8220; global_colors_info=&#8220;{}&#8220;]<\/p>\n<h1>Isley<\/h1>\n<h2 style=\"text-align: left;\">Rumas<\/h2>\n<p>[\/et_pb_text][et_pb_text admin_label=&#8220;Produktbeskrivelse&#8220; _builder_version=&#8220;4.18.0&#8243; _module_preset=&#8220;default&#8220; text_font=&#8220;Roboto|300|||||||&#8220; text_font_size=&#8220;14px&#8220; custom_padding=&#8220;|23px||21px||&#8220; global_colors_info=&#8220;{}&#8220;]<\/p>\n<p style=\"text-align: justify;\">Mit Isley haben Sie die M\u00f6glichkeit, auf einzigartige Weise flexibel und funktionell zu sein. Isley ist in zwei Gr\u00f6\u00dfen erh\u00e4ltlich und kann als einzelnes Modul oder in Kombinationen verwendet werden, um beeindruckende Sitzbereiche im offenen Raum zu schaffen.<\/p>\n<div class=\"printfriendly pf-button  pf-alignright\" style=\"text-align: justify;\"><div class=\"printfriendly pf-button  pf-alignright\">\n                    <a href=\"https:\/\/hojermobler.dk\/de\/project\/isley\/?pfstyle=wp\" rel=\"nofollow\" onclick=\"pfTrackEvent(&#039;Isley&#039;); return false;\" title=\"Printer Friendly, PDF & Email\">\n                    <img decoding=\"async\" class=\"pf-button-img\" src=\"https:\/\/cdn.printfriendly.com\/buttons\/printfriendly-pdf-button-nobg.png\" alt=\"Print Friendly, PDF & Email\" style=\"width: 112px;height: 24px;\"  \/>\n                    <\/a>\n                <\/div><\/div>\n<div class=\"printfriendly pf-button  pf-alignright\" style=\"text-align: justify;\">\n<div class=\"printfriendly pf-button  pf-alignright\"><\/div>\n<div class=\"printfriendly pf-button  pf-alignright\"><\/div>\n<\/div>\n<div class=\"printfriendly pf-button  pf-alignright\" style=\"text-align: justify;\"><\/div>\n<p style=\"text-align: justify;\"><span class=\"et_bloom_bottom_trigger\"><\/span><\/p>\n<p>[\/et_pb_text][\/et_pb_column][\/et_pb_row][\/et_pb_section][et_pb_section fb_built=&#8220;1&#8243; admin_label=&#8220;FAQ&#8220; _builder_version=&#8220;4.17.3&#8243; _module_preset=&#8220;default&#8220; locked=&#8220;off&#8220; global_colors_info=&#8220;{}&#8220;][et_pb_row column_structure=&#8220;1_2,1_2&#8243; _builder_version=&#8220;4.17.3&#8243; _module_preset=&#8220;default&#8220; width=&#8220;100%&#8220; max_width=&#8220;1545px&#8220; global_colors_info=&#8220;{}&#8220;][et_pb_column type=&#8220;1_2&#8243; _builder_version=&#8220;4.16&#8243; _module_preset=&#8220;default&#8220; custom_padding=&#8220;|||&#8220; global_colors_info=&#8220;{}&#8220; custom_padding__hover=&#8220;|||&#8220;][et_pb_gallery gallery_ids=&#8220;17254,17234,17249,17239,17244&#8243; show_title_and_caption=&#8220;off&#8220; zoom_icon_color=&#8220;#3F4F45&#8243; hover_icon=&#8220;&#x54;||divi||400&#8243; admin_label=&#8220;Galleri&#8220; _builder_version=&#8220;4.18.0&#8243; _module_preset=&#8220;default&#8220; pagination_font=&#8220;Roboto|300|||||||&#8220; pagination_text_align=&#8220;center&#8220; pagination_font_size=&#8220;13px&#8220; global_colors_info=&#8220;{}&#8220;][\/et_pb_gallery][\/et_pb_column][et_pb_column type=&#8220;1_2&#8243; _builder_version=&#8220;4.16&#8243; _module_preset=&#8220;default&#8220; custom_padding=&#8220;|||&#8220; global_colors_info=&#8220;{}&#8220; custom_padding__hover=&#8220;|||&#8220;][et_pb_toggle title=&#8220;Abmessungen &#8220; open_toggle_background_color=&#8220;RGBA(255,255,255,0)&#8220; closed_toggle_background_color=&#8220;RGBA(255,255,255,0)&#8220; icon_color=&#8220;#566559&#8243; open_icon_color=&#8220;#8F8F8F&#8220; admin_label=&#8220;Fane&#8220; module_class=&#8220;print-only&#8220; _builder_version=&#8220;4.18.0&#8243; _module_preset=&#8220;default&#8220; title_font=&#8220;Roboto|600||on|||||&#8220; title_font_size=&#8220;12px&#8220; title_letter_spacing=&#8220;1px&#8220; title_line_height=&#8220;1.8em&#8220; body_font=&#8220;Roboto|300|||||||&#8220; body_font_size=&#8220;14px&#8220; body_line_height=&#8220;2em&#8220; border_color_all=&#8220;rgba(217,217,217,0.54)&#8220; box_shadow_style=&#8220;preset3&#8243; box_shadow_vertical=&#8220;40px&#8220; box_shadow_blur=&#8220;60px&#8220; box_shadow_spread=&#8220;-10px&#8220; box_shadow_color=&#8220;rgba(0,0,0,0)&#8220; global_colors_info=&#8220;{}&#8220; box_shadow_color__hover_enabled=&#8220;on&#8220; box_shadow_color__hover=&#8220;rgba(0,0,0,0.03)&#8220; title_font_size__hover=&#8220;22px&#8220; title_font_size__hover_enabled=&#8220;22px&#8220; title_letter_spacing__hover=&#8220;0px&#8220; title_letter_spacing__hover_enabled=&#8220;0px&#8220; title_line_height__hover=&#8220;1em&#8220; title_line_height__hover_enabled=&#8220;1em&#8220; title_text_shadow_style__hover=&#8220;none&#8220; title_text_shadow_style__hover_enabled=&#8220;none&#8220; title_text_shadow_color__hover=&#8220;rgba(0,0,0,0.4)&#8220; title_text_shadow_color__hover_enabled=&#8220;rgba(0,0,0,0.4)&#8220;]<\/p>\n<h3 style=\"text-align: left;\">Abmessungen<\/h3>\n<p>&nbsp;<\/p>\n<p style=\"text-align: left;\">H\u00f6he: 38 cm<\/p>\n<p style=\"text-align: left;\">\n<h4 style=\"text-align: left;\">Ausf\u00fchrung:<\/h4>\n<p style=\"text-align: left;\">Klein: b: 45 \u2013 73 cm, l: 158 cm <br \/>Gro\u00df: b: 55 \u2013 98 cm, l: 208 cm<\/p>\n<p>[\/et_pb_toggle][et_pb_toggle title=&#8220;Materialien&#8220; open_toggle_background_color=&#8220;RGBA(255,255,255,0)&#8220; closed_toggle_background_color=&#8220;RGBA(255,255,255,0)&#8220; icon_color=&#8220;#566559&#8243; open_icon_color=&#8220;#8F8F8F&#8220; admin_label=&#8220;Fane&#8220; module_class=&#8220;print-only&#8220; _builder_version=&#8220;4.18.0&#8243; _module_preset=&#8220;default&#8220; title_font=&#8220;Roboto|600||on|||||&#8220; title_font_size=&#8220;12px&#8220; title_letter_spacing=&#8220;1px&#8220; title_line_height=&#8220;1.8em&#8220; body_font=&#8220;Roboto|300|||||||&#8220; body_font_size=&#8220;14px&#8220; body_line_height=&#8220;2em&#8220; border_color_all=&#8220;rgba(217,217,217,0.54)&#8220; box_shadow_style=&#8220;preset3&#8243; box_shadow_vertical=&#8220;40px&#8220; box_shadow_blur=&#8220;60px&#8220; box_shadow_spread=&#8220;-10px&#8220; box_shadow_color=&#8220;rgba(0,0,0,0)&#8220; global_colors_info=&#8220;{}&#8220; box_shadow_color__hover_enabled=&#8220;on&#8220; box_shadow_color__hover=&#8220;rgba(0,0,0,0.03)&#8220; title_font_size__hover=&#8220;22px&#8220; title_font_size__hover_enabled=&#8220;22px&#8220; title_letter_spacing__hover=&#8220;0px&#8220; title_letter_spacing__hover_enabled=&#8220;0px&#8220; title_line_height__hover=&#8220;1em&#8220; title_line_height__hover_enabled=&#8220;1em&#8220; title_text_shadow_style__hover=&#8220;none&#8220; title_text_shadow_style__hover_enabled=&#8220;none&#8220; title_text_shadow_color__hover=&#8220;rgba(0,0,0,0.4)&#8220; title_text_shadow_color__hover_enabled=&#8220;rgba(0,0,0,0.4)&#8220;]<\/p>\n<h3>Materialien<\/h3>\n<p>&nbsp;<\/p>\n<p>Kaltgeformter Schaum. Zu Fu\u00df.<\/p>\n<p>&nbsp;<\/p>\n<h4>Polsterm\u00f6bel<\/h4>\n<ul>\n<li>ERA<\/li>\n<li>X2<\/li>\n<li>Kunstleder Valencia<\/li>\n<\/ul>\n<p>Gro\u00dfe Farbskala<\/p>\n<p>[\/et_pb_toggle][\/et_pb_column][\/et_pb_row][\/et_pb_section]<\/p>\n","protected":false},"excerpt":{"rendered":"<p>Isley RumasMit Isley haben Sie die M\u00f6glichkeit, auf einzigartige Weise flexibel und funktionell zu sein. Isley ist in zwei Gr\u00f6\u00dfen erh\u00e4ltlich und kann als einzelnes Modul oder in Kombinationen verwendet werden, um beeindruckende Sitzbereiche im offenen Raum zu schaffen. <div class=\"printfriendly pf-button  pf-alignright\">\n                    <a href=\"https:\/\/hojermobler.dk\/de\/project\/isley\/?pfstyle=wp\" rel=\"nofollow\" onclick=\"pfTrackEvent(&#039;Isley&#039;); return false;\" title=\"Printer Friendly, PDF & Email\">\n                    <img decoding=\"async\" class=\"pf-button-img\" src=\"https:\/\/cdn.printfriendly.com\/buttons\/printfriendly-pdf-button-nobg.png\" alt=\"Print Friendly, PDF & Email\" style=\"width: 112px;height: 24px;\"  \/>\n                    <\/a>\n                <\/div> Abmessungen &nbsp; H\u00f6he: 38 cm Ausf\u00fchrung: Klein: b: 45 \u2013 73 cm, l: 158 cm [&hellip;]<\/p>\n","protected":false},"author":3,"featured_media":17261,"comment_status":"open","ping_status":"closed","template":"","meta":{"_et_pb_use_builder":"on","_et_pb_old_content":"","_et_gb_content_width":"","_monsterinsights_skip_tracking":false,"_monsterinsights_sitenote_active":false,"_monsterinsights_sitenote_note":"","_monsterinsights_sitenote_category":0,"footnotes":""},"project_category":[84,32,34],"project_tag":[],"class_list":["post-17264","project","type-project","status-publish","has-post-thumbnail","hentry","project_category-lounge-de","project_category-lounge","project_category-produkter"],"yoast_head":"<!-- This site is optimized with the Yoast SEO plugin v25.9 - https:\/\/yoast.com\/wordpress\/plugins\/seo\/ -->\n<title>Isley<\/title>\n<meta name=\"description\" content=\"Mit Isley haben Sie die M\u00f6glichkeit, auf einzigartige Weise flexibel und funktionell zu sein. Isley ist in zwei Gr\u00f6\u00dfen erh\u00e4ltlich und kann als einzelnes Modul oder in Kombinationen verwendet werden, um beeindruckende Sitzbereiche im offenen Raum zu schaffen.\" \/>\n<meta name=\"robots\" content=\"index, follow, max-snippet:-1, max-image-preview:large, max-video-preview:-1\" \/>\n<link rel=\"canonical\" href=\"https:\/\/hojermobler.dk\/de\/project\/isley\/\" \/>\n<meta property=\"og:locale\" content=\"de_DE\" \/>\n<meta property=\"og:type\" content=\"article\" \/>\n<meta property=\"og:title\" content=\"Isley\" \/>\n<meta property=\"og:description\" content=\"Mit Isley haben Sie die M\u00f6glichkeit, auf einzigartige Weise flexibel und funktionell zu sein. Isley ist in zwei Gr\u00f6\u00dfen erh\u00e4ltlich und kann als einzelnes Modul oder in Kombinationen verwendet werden, um beeindruckende Sitzbereiche im offenen Raum zu schaffen.\" \/>\n<meta property=\"og:url\" content=\"https:\/\/hojermobler.dk\/de\/project\/isley\/\" \/>\n<meta property=\"og:site_name\" content=\"H\u00f8jer M\u00f8bler\" \/>\n<meta property=\"article:modified_time\" content=\"2023-05-17T08:17:33+00:00\" \/>\n<meta property=\"og:image\" content=\"https:\/\/hojermobler.dk\/wp-content\/uploads\/2022\/10\/Isley-kategoribillede.jpg\" \/>\n\t<meta property=\"og:image:width\" content=\"920\" \/>\n\t<meta property=\"og:image:height\" content=\"628\" \/>\n\t<meta property=\"og:image:type\" content=\"image\/jpeg\" \/>\n<meta name=\"twitter:card\" content=\"summary_large_image\" \/>\n<meta name=\"twitter:label1\" content=\"Gesch\u00e4tzte Lesezeit\" \/>\n\t<meta name=\"twitter:data1\" content=\"2\u00a0Minuten\" \/>\n<script type=\"application\/ld+json\" class=\"yoast-schema-graph\">{\"@context\":\"https:\/\/schema.org\",\"@graph\":[{\"@type\":\"WebPage\",\"@id\":\"https:\/\/hojermobler.dk\/de\/project\/isley\/\",\"url\":\"https:\/\/hojermobler.dk\/de\/project\/isley\/\",\"name\":\"Isley\",\"isPartOf\":{\"@id\":\"https:\/\/hojermobler.dk\/#website\"},\"primaryImageOfPage\":{\"@id\":\"https:\/\/hojermobler.dk\/de\/project\/isley\/#primaryimage\"},\"image\":{\"@id\":\"https:\/\/hojermobler.dk\/de\/project\/isley\/#primaryimage\"},\"thumbnailUrl\":\"https:\/\/hojermobler.dk\/wp-content\/uploads\/2022\/10\/Isley-kategoribillede.jpg\",\"datePublished\":\"2022-10-03T10:40:26+00:00\",\"dateModified\":\"2023-05-17T08:17:33+00:00\",\"description\":\"Mit Isley haben Sie die M\u00f6glichkeit, auf einzigartige Weise flexibel und funktionell zu sein. Isley ist in zwei Gr\u00f6\u00dfen erh\u00e4ltlich und kann als einzelnes Modul oder in Kombinationen verwendet werden, um beeindruckende Sitzbereiche im offenen Raum zu schaffen.\",\"breadcrumb\":{\"@id\":\"https:\/\/hojermobler.dk\/de\/project\/isley\/#breadcrumb\"},\"inLanguage\":\"de\",\"potentialAction\":[{\"@type\":\"ReadAction\",\"target\":[\"https:\/\/hojermobler.dk\/de\/project\/isley\/\"]}]},{\"@type\":\"ImageObject\",\"inLanguage\":\"de\",\"@id\":\"https:\/\/hojermobler.dk\/de\/project\/isley\/#primaryimage\",\"url\":\"https:\/\/hojermobler.dk\/wp-content\/uploads\/2022\/10\/Isley-kategoribillede.jpg\",\"contentUrl\":\"https:\/\/hojermobler.dk\/wp-content\/uploads\/2022\/10\/Isley-kategoribillede.jpg\",\"width\":920,\"height\":628},{\"@type\":\"BreadcrumbList\",\"@id\":\"https:\/\/hojermobler.dk\/de\/project\/isley\/#breadcrumb\",\"itemListElement\":[{\"@type\":\"ListItem\",\"position\":1,\"name\":\"Hjem\",\"item\":\"https:\/\/hojermobler.dk\/de\/\"},{\"@type\":\"ListItem\",\"position\":2,\"name\":\"Projects\",\"item\":\"https:\/\/hojermobler.dk\/en\/project\/\"},{\"@type\":\"ListItem\",\"position\":3,\"name\":\"Isley\"}]},{\"@type\":\"WebSite\",\"@id\":\"https:\/\/hojermobler.dk\/#website\",\"url\":\"https:\/\/hojermobler.dk\/\",\"name\":\"H\u00f8jer M\u00f8bler\",\"description\":\"Fleksible l\u00e6ringsrum med plads til alle elever\",\"potentialAction\":[{\"@type\":\"SearchAction\",\"target\":{\"@type\":\"EntryPoint\",\"urlTemplate\":\"https:\/\/hojermobler.dk\/?s={search_term_string}\"},\"query-input\":{\"@type\":\"PropertyValueSpecification\",\"valueRequired\":true,\"valueName\":\"search_term_string\"}}],\"inLanguage\":\"de\"}]}<\/script>\n<!-- \/ Yoast SEO plugin. -->","yoast_head_json":{"title":"Isley","description":"Mit Isley haben Sie die M\u00f6glichkeit, auf einzigartige Weise flexibel und funktionell zu sein. Isley ist in zwei Gr\u00f6\u00dfen erh\u00e4ltlich und kann als einzelnes Modul oder in Kombinationen verwendet werden, um beeindruckende Sitzbereiche im offenen Raum zu schaffen.","robots":{"index":"index","follow":"follow","max-snippet":"max-snippet:-1","max-image-preview":"max-image-preview:large","max-video-preview":"max-video-preview:-1"},"canonical":"https:\/\/hojermobler.dk\/de\/project\/isley\/","og_locale":"de_DE","og_type":"article","og_title":"Isley","og_description":"Mit Isley haben Sie die M\u00f6glichkeit, auf einzigartige Weise flexibel und funktionell zu sein. Isley ist in zwei Gr\u00f6\u00dfen erh\u00e4ltlich und kann als einzelnes Modul oder in Kombinationen verwendet werden, um beeindruckende Sitzbereiche im offenen Raum zu schaffen.","og_url":"https:\/\/hojermobler.dk\/de\/project\/isley\/","og_site_name":"H\u00f8jer M\u00f8bler","article_modified_time":"2023-05-17T08:17:33+00:00","og_image":[{"width":920,"height":628,"url":"https:\/\/hojermobler.dk\/wp-content\/uploads\/2022\/10\/Isley-kategoribillede.jpg","type":"image\/jpeg"}],"twitter_card":"summary_large_image","twitter_misc":{"Gesch\u00e4tzte Lesezeit":"2\u00a0Minuten"},"schema":{"@context":"https:\/\/schema.org","@graph":[{"@type":"WebPage","@id":"https:\/\/hojermobler.dk\/de\/project\/isley\/","url":"https:\/\/hojermobler.dk\/de\/project\/isley\/","name":"Isley","isPartOf":{"@id":"https:\/\/hojermobler.dk\/#website"},"primaryImageOfPage":{"@id":"https:\/\/hojermobler.dk\/de\/project\/isley\/#primaryimage"},"image":{"@id":"https:\/\/hojermobler.dk\/de\/project\/isley\/#primaryimage"},"thumbnailUrl":"https:\/\/hojermobler.dk\/wp-content\/uploads\/2022\/10\/Isley-kategoribillede.jpg","datePublished":"2022-10-03T10:40:26+00:00","dateModified":"2023-05-17T08:17:33+00:00","description":"Mit Isley haben Sie die M\u00f6glichkeit, auf einzigartige Weise flexibel und funktionell zu sein. Isley ist in zwei Gr\u00f6\u00dfen erh\u00e4ltlich und kann als einzelnes Modul oder in Kombinationen verwendet werden, um beeindruckende Sitzbereiche im offenen Raum zu schaffen.","breadcrumb":{"@id":"https:\/\/hojermobler.dk\/de\/project\/isley\/#breadcrumb"},"inLanguage":"de","potentialAction":[{"@type":"ReadAction","target":["https:\/\/hojermobler.dk\/de\/project\/isley\/"]}]},{"@type":"ImageObject","inLanguage":"de","@id":"https:\/\/hojermobler.dk\/de\/project\/isley\/#primaryimage","url":"https:\/\/hojermobler.dk\/wp-content\/uploads\/2022\/10\/Isley-kategoribillede.jpg","contentUrl":"https:\/\/hojermobler.dk\/wp-content\/uploads\/2022\/10\/Isley-kategoribillede.jpg","width":920,"height":628},{"@type":"BreadcrumbList","@id":"https:\/\/hojermobler.dk\/de\/project\/isley\/#breadcrumb","itemListElement":[{"@type":"ListItem","position":1,"name":"Hjem","item":"https:\/\/hojermobler.dk\/de\/"},{"@type":"ListItem","position":2,"name":"Projects","item":"https:\/\/hojermobler.dk\/en\/project\/"},{"@type":"ListItem","position":3,"name":"Isley"}]},{"@type":"WebSite","@id":"https:\/\/hojermobler.dk\/#website","url":"https:\/\/hojermobler.dk\/","name":"H\u00f8jer M\u00f8bler","description":"Fleksible l\u00e6ringsrum med plads til alle elever","potentialAction":[{"@type":"SearchAction","target":{"@type":"EntryPoint","urlTemplate":"https:\/\/hojermobler.dk\/?s={search_term_string}"},"query-input":{"@type":"PropertyValueSpecification","valueRequired":true,"valueName":"search_term_string"}}],"inLanguage":"de"}]}},"_links":{"self":[{"href":"https:\/\/hojermobler.dk\/de\/wp-json\/wp\/v2\/project\/17264","targetHints":{"allow":["GET"]}}],"collection":[{"href":"https:\/\/hojermobler.dk\/de\/wp-json\/wp\/v2\/project"}],"about":[{"href":"https:\/\/hojermobler.dk\/de\/wp-json\/wp\/v2\/types\/project"}],"author":[{"embeddable":true,"href":"https:\/\/hojermobler.dk\/de\/wp-json\/wp\/v2\/users\/3"}],"replies":[{"embeddable":true,"href":"https:\/\/hojermobler.dk\/de\/wp-json\/wp\/v2\/comments?post=17264"}],"version-history":[{"count":6,"href":"https:\/\/hojermobler.dk\/de\/wp-json\/wp\/v2\/project\/17264\/revisions"}],"predecessor-version":[{"id":36293,"href":"https:\/\/hojermobler.dk\/de\/wp-json\/wp\/v2\/project\/17264\/revisions\/36293"}],"wp:featuredmedia":[{"embeddable":true,"href":"https:\/\/hojermobler.dk\/de\/wp-json\/wp\/v2\/media\/17261"}],"wp:attachment":[{"href":"https:\/\/hojermobler.dk\/de\/wp-json\/wp\/v2\/media?parent=17264"}],"wp:term":[{"taxonomy":"project_category","embeddable":true,"href":"https:\/\/hojermobler.dk\/de\/wp-json\/wp\/v2\/project_category?post=17264"},{"taxonomy":"project_tag","embeddable":true,"href":"https:\/\/hojermobler.dk\/de\/wp-json\/wp\/v2\/project_tag?post=17264"}],"curies":[{"name":"wp","href":"https:\/\/api.w.org\/{rel}","templated":true}]}}